{"version":"1.0","provider_name":"Nuestro  Bio B\u00edo","provider_url":"https:\/\/www.fraczinet.cl\/sitio","author_name":"admin","author_url":"https:\/\/www.fraczinet.cl\/sitio\/author\/admin\/","title":"Museo de Arte Sagrado - Nuestro Bio B\u00edo","type":"rich","width":600,"height":338,"html":"<blockquote class=\"wp-embedded-content\" data-secret=\"q1IVjJAswo\"><a href=\"https:\/\/www.fraczinet.cl\/sitio\/2009\/02\/15\/museo-de-arte-sagrado\/\">Museo de Arte Sagrado<\/a><\/blockquote><iframe sandbox=\"allow-scripts\" security=\"restricted\" src=\"https:\/\/www.fraczinet.cl\/sitio\/2009\/02\/15\/museo-de-arte-sagrado\/embed\/#?secret=q1IVjJAswo\" width=\"600\" height=\"338\" title=\"\u00abMuseo de Arte Sagrado\u00bb \u2014 Nuestro  Bio B\u00edo\" data-secret=\"q1IVjJAswo\" frameborder=\"0\" marginwidth=\"0\" marginheight=\"0\" scrolling=\"no\" class=\"wp-embedded-content\"><\/iframe><script>\n\/*! This file is auto-generated *\/\n!function(d,l){\"use strict\";l.querySelector&&d.addEventListener&&\"undefined\"!=typeof URL&&(d.wp=d.wp||{},d.wp.receiveEmbedMessage||(d.wp.receiveEmbedMessage=function(e){var t=e.data;if((t||t.secret||t.message||t.value)&&!\/[^a-zA-Z0-9]\/.test(t.secret)){for(var s,r,n,a=l.querySelectorAll('iframe[data-secret=\"'+t.secret+'\"]'),o=l.querySelectorAll('blockquote[data-secret=\"'+t.secret+'\"]'),c=new RegExp(\"^https?:$\",\"i\"),i=0;i<o.length;i++)o[i].style.display=\"none\";for(i=0;i<a.length;i++)s=a[i],e.source===s.contentWindow&&(s.removeAttribute(\"style\"),\"height\"===t.message?(1e3<(r=parseInt(t.value,10))?r=1e3:~~r<200&&(r=200),s.height=r):\"link\"===t.message&&(r=new URL(s.getAttribute(\"src\")),n=new URL(t.value),c.test(n.protocol))&&n.host===r.host&&l.activeElement===s&&(d.top.location.href=t.value))}},d.addEventListener(\"message\",d.wp.receiveEmbedMessage,!1),l.addEventListener(\"DOMContentLoaded\",function(){for(var e,t,s=l.querySelectorAll(\"iframe.wp-embedded-content\"),r=0;r<s.length;r++)(t=(e=s[r]).getAttribute(\"data-secret\"))||(t=Math.random().toString(36).substring(2,12),e.src+=\"#?secret=\"+t,e.setAttribute(\"data-secret\",t)),e.contentWindow.postMessage({message:\"ready\",secret:t},\"*\")},!1)))}(window,document);\n\/\/# sourceURL=https:\/\/www.fraczinet.cl\/sitio\/wp-includes\/js\/wp-embed.min.js\n<\/script>\n","thumbnail_url":"https:\/\/www.fraczinet.cl\/sitio\/wp-content\/uploads\/2009\/02\/Museo-de-arte-sagrado.png","thumbnail_width":1000,"thumbnail_height":745,"description":"Encargado: Mirta Vidal Sepulveda Direcci\u00f3n: Caupolic\u00e1n 441, Concepci\u00f3n Administraci\u00f3n: Universidad Cat\u00f3lica de la Sant\u00edsima Concepci\u00f3n El Museo se inicia en septiembre de 1995, siendo inaugurado por Monse\u00f1or Antonio Moreno Casamitjana como \u201cMuseo de la Catedral de la Sant\u00edsima Concepci\u00f3n\u201d, ubicado dentro del Templo Catedral, detr\u00e1s del Presbiterio. El reducido espacio del recinto obligaba a renovar [&hellip;]"}