{"version":"1.0","provider_name":"Nuestro  Bio B\u00edo","provider_url":"https:\/\/www.fraczinet.cl\/sitio","author_name":"admin","author_url":"https:\/\/www.fraczinet.cl\/sitio\/author\/admin\/","title":"Cl\u00ednicamente Probado Del Poeta Alejandro Anan\u00edas - Nuestro Bio B\u00edo","type":"rich","width":600,"height":338,"html":"<blockquote class=\"wp-embedded-content\" data-secret=\"CTX0WuGq4y\"><a href=\"https:\/\/www.fraczinet.cl\/sitio\/2010\/05\/06\/clinicamente-probado-del-poeta-alejandro-ananias\/\">Cl\u00ednicamente Probado Del Poeta Alejandro Anan\u00edas<\/a><\/blockquote><iframe sandbox=\"allow-scripts\" security=\"restricted\" src=\"https:\/\/www.fraczinet.cl\/sitio\/2010\/05\/06\/clinicamente-probado-del-poeta-alejandro-ananias\/embed\/#?secret=CTX0WuGq4y\" width=\"600\" height=\"338\" title=\"\u00abCl\u00ednicamente Probado Del Poeta Alejandro Anan\u00edas\u00bb \u2014 Nuestro  Bio B\u00edo\" data-secret=\"CTX0WuGq4y\" frameborder=\"0\" marginwidth=\"0\" marginheight=\"0\" scrolling=\"no\" class=\"wp-embedded-content\"><\/iframe><script>\n\/*! This file is auto-generated *\/\n!function(d,l){\"use strict\";l.querySelector&&d.addEventListener&&\"undefined\"!=typeof URL&&(d.wp=d.wp||{},d.wp.receiveEmbedMessage||(d.wp.receiveEmbedMessage=function(e){var t=e.data;if((t||t.secret||t.message||t.value)&&!\/[^a-zA-Z0-9]\/.test(t.secret)){for(var s,r,n,a=l.querySelectorAll('iframe[data-secret=\"'+t.secret+'\"]'),o=l.querySelectorAll('blockquote[data-secret=\"'+t.secret+'\"]'),c=new RegExp(\"^https?:$\",\"i\"),i=0;i<o.length;i++)o[i].style.display=\"none\";for(i=0;i<a.length;i++)s=a[i],e.source===s.contentWindow&&(s.removeAttribute(\"style\"),\"height\"===t.message?(1e3<(r=parseInt(t.value,10))?r=1e3:~~r<200&&(r=200),s.height=r):\"link\"===t.message&&(r=new URL(s.getAttribute(\"src\")),n=new URL(t.value),c.test(n.protocol))&&n.host===r.host&&l.activeElement===s&&(d.top.location.href=t.value))}},d.addEventListener(\"message\",d.wp.receiveEmbedMessage,!1),l.addEventListener(\"DOMContentLoaded\",function(){for(var e,t,s=l.querySelectorAll(\"iframe.wp-embedded-content\"),r=0;r<s.length;r++)(t=(e=s[r]).getAttribute(\"data-secret\"))||(t=Math.random().toString(36).substring(2,12),e.src+=\"#?secret=\"+t,e.setAttribute(\"data-secret\",t)),e.contentWindow.postMessage({message:\"ready\",secret:t},\"*\")},!1)))}(window,document);\n\/\/# sourceURL=https:\/\/www.fraczinet.cl\/sitio\/wp-includes\/js\/wp-embed.min.js\n<\/script>\n","description":"Bajo el nombre \u201cCl\u00ednicamente Probado\u201d el poeta local Alejandro Anan\u00edas presenta su segundo libro, un texto con historia ya que se basa en las \u201cvivencias en una cl\u00ednica siqui\u00e1trica desde la perspectiva de una situaci\u00f3n cr\u00edtica de salud mental\u201d, cuenta el artista. Este libro fue presentado al p\u00fablico en el auditorio del Colegio M\u00e9dico por [&hellip;]","thumbnail_url":"https:\/\/4.bp.blogspot.com\/_2S_RxGRVjis\/S-NTka1hrUI\/AAAAAAAAOXo\/iA2kgu2uBeg\/s200\/Clinicamente_Probado158+copia.gif"}