{"version":"1.0","provider_name":"Nuestro  Bio B\u00edo","provider_url":"https:\/\/www.fraczinet.cl\/sitio","author_name":"admin","author_url":"https:\/\/www.fraczinet.cl\/sitio\/author\/admin\/","title":"Vecinos De Coliumo Tendr\u00e1n Fog\u00f3n Comunitario - Nuestro Bio B\u00edo","type":"rich","width":600,"height":338,"html":"<blockquote class=\"wp-embedded-content\" data-secret=\"T2vpMKMBDJ\"><a href=\"https:\/\/www.fraczinet.cl\/sitio\/2010\/05\/11\/vecinos-de-coliumo-tendran-fogon-comunitario\/\">Vecinos De Coliumo Tendr\u00e1n Fog\u00f3n Comunitario<\/a><\/blockquote><iframe sandbox=\"allow-scripts\" security=\"restricted\" src=\"https:\/\/www.fraczinet.cl\/sitio\/2010\/05\/11\/vecinos-de-coliumo-tendran-fogon-comunitario\/embed\/#?secret=T2vpMKMBDJ\" width=\"600\" height=\"338\" title=\"\u00abVecinos De Coliumo Tendr\u00e1n Fog\u00f3n Comunitario\u00bb \u2014 Nuestro  Bio B\u00edo\" data-secret=\"T2vpMKMBDJ\" frameborder=\"0\" marginwidth=\"0\" marginheight=\"0\" scrolling=\"no\" class=\"wp-embedded-content\"><\/iframe><script>\n\/*! This file is auto-generated *\/\n!function(d,l){\"use strict\";l.querySelector&&d.addEventListener&&\"undefined\"!=typeof URL&&(d.wp=d.wp||{},d.wp.receiveEmbedMessage||(d.wp.receiveEmbedMessage=function(e){var t=e.data;if((t||t.secret||t.message||t.value)&&!\/[^a-zA-Z0-9]\/.test(t.secret)){for(var s,r,n,a=l.querySelectorAll('iframe[data-secret=\"'+t.secret+'\"]'),o=l.querySelectorAll('blockquote[data-secret=\"'+t.secret+'\"]'),c=new RegExp(\"^https?:$\",\"i\"),i=0;i<o.length;i++)o[i].style.display=\"none\";for(i=0;i<a.length;i++)s=a[i],e.source===s.contentWindow&&(s.removeAttribute(\"style\"),\"height\"===t.message?(1e3<(r=parseInt(t.value,10))?r=1e3:~~r<200&&(r=200),s.height=r):\"link\"===t.message&&(r=new URL(s.getAttribute(\"src\")),n=new URL(t.value),c.test(n.protocol))&&n.host===r.host&&l.activeElement===s&&(d.top.location.href=t.value))}},d.addEventListener(\"message\",d.wp.receiveEmbedMessage,!1),l.addEventListener(\"DOMContentLoaded\",function(){for(var e,t,s=l.querySelectorAll(\"iframe.wp-embedded-content\"),r=0;r<s.length;r++)(t=(e=s[r]).getAttribute(\"data-secret\"))||(t=Math.random().toString(36).substring(2,12),e.src+=\"#?secret=\"+t,e.setAttribute(\"data-secret\",t)),e.contentWindow.postMessage({message:\"ready\",secret:t},\"*\")},!1)))}(window,document);\n\/\/# sourceURL=https:\/\/www.fraczinet.cl\/sitio\/wp-includes\/js\/wp-embed.min.js\n<\/script>\n","description":"Gracias a una iniciativa de la Facultad de Arquitectura de la Universidad del Bio B\u00edo, el Campamento Renacer de Coliumo contar\u00e1 con un Fog\u00f3n Comunitario que se construye con la colaboraci\u00f3n de alumnos de la carrera y un grupo de amigos y vecinos de Coliumo (comuna de Tom\u00e9). Este Espacio Multiuso de Emergencia, como se [&hellip;]","thumbnail_url":"https:\/\/2.bp.blogspot.com\/_2S_RxGRVjis\/S-l28GIqiwI\/AAAAAAAAOcI\/nO5pp8vcFLo\/s400\/Fogon+comunitario.jpg"}