{"version":"1.0","provider_name":"Nuestro  Bio B\u00edo","provider_url":"https:\/\/www.fraczinet.cl\/sitio","author_name":"admin","author_url":"https:\/\/www.fraczinet.cl\/sitio\/author\/admin\/","title":"Privatizaci\u00f3n De Las Empresas Sanitarias - Nuestro Bio B\u00edo","type":"rich","width":600,"height":338,"html":"<blockquote class=\"wp-embedded-content\" data-secret=\"HASVHVrmUy\"><a href=\"https:\/\/www.fraczinet.cl\/sitio\/2011\/01\/26\/privatizacion-de-las-empresas-sanitarias\/\">Privatizaci\u00f3n De Las Empresas Sanitarias<\/a><\/blockquote><iframe sandbox=\"allow-scripts\" security=\"restricted\" src=\"https:\/\/www.fraczinet.cl\/sitio\/2011\/01\/26\/privatizacion-de-las-empresas-sanitarias\/embed\/#?secret=HASVHVrmUy\" width=\"600\" height=\"338\" title=\"\u00abPrivatizaci\u00f3n De Las Empresas Sanitarias\u00bb \u2014 Nuestro  Bio B\u00edo\" data-secret=\"HASVHVrmUy\" frameborder=\"0\" marginwidth=\"0\" marginheight=\"0\" scrolling=\"no\" class=\"wp-embedded-content\"><\/iframe><script>\n\/*! This file is auto-generated *\/\n!function(d,l){\"use strict\";l.querySelector&&d.addEventListener&&\"undefined\"!=typeof URL&&(d.wp=d.wp||{},d.wp.receiveEmbedMessage||(d.wp.receiveEmbedMessage=function(e){var t=e.data;if((t||t.secret||t.message||t.value)&&!\/[^a-zA-Z0-9]\/.test(t.secret)){for(var s,r,n,a=l.querySelectorAll('iframe[data-secret=\"'+t.secret+'\"]'),o=l.querySelectorAll('blockquote[data-secret=\"'+t.secret+'\"]'),c=new RegExp(\"^https?:$\",\"i\"),i=0;i<o.length;i++)o[i].style.display=\"none\";for(i=0;i<a.length;i++)s=a[i],e.source===s.contentWindow&&(s.removeAttribute(\"style\"),\"height\"===t.message?(1e3<(r=parseInt(t.value,10))?r=1e3:~~r<200&&(r=200),s.height=r):\"link\"===t.message&&(r=new URL(s.getAttribute(\"src\")),n=new URL(t.value),c.test(n.protocol))&&n.host===r.host&&l.activeElement===s&&(d.top.location.href=t.value))}},d.addEventListener(\"message\",d.wp.receiveEmbedMessage,!1),l.addEventListener(\"DOMContentLoaded\",function(){for(var e,t,s=l.querySelectorAll(\"iframe.wp-embedded-content\"),r=0;r<s.length;r++)(t=(e=s[r]).getAttribute(\"data-secret\"))||(t=Math.random().toString(36).substring(2,12),e.src+=\"#?secret=\"+t,e.setAttribute(\"data-secret\",t)),e.contentWindow.postMessage({message:\"ready\",secret:t},\"*\")},!1)))}(window,document);\n\/\/# sourceURL=https:\/\/www.fraczinet.cl\/sitio\/wp-includes\/js\/wp-embed.min.js\n<\/script>\n","description":"La privatizaci\u00f3n del agua comenz\u00f3 con los gobiernos de los presidentes Frei y Lagos pasando a ser propiedad mayoritariamente de enormes empresas extranjeras. El gobierno del Presidente Pi\u00f1era est\u00e1 examinando TODOS los bienes p\u00fablicos para determinar cuales de ellos se vender\u00e1n. Anunci\u00f3 que se completar\u00e1 la privatizaci\u00f3n de lo que resta de propiedad p\u00fablica de [&hellip;]","thumbnail_url":"https:\/\/www.fraczinet.cl\/sitio\/wp-content\/uploads\/2021\/07\/bannerlogo-1.gif","thumbnail_width":159,"thumbnail_height":79}