{"version":"1.0","provider_name":"Nuestro  Bio B\u00edo","provider_url":"https:\/\/www.fraczinet.cl\/sitio","author_name":"admin","author_url":"https:\/\/www.fraczinet.cl\/sitio\/author\/admin\/","title":"El Concepto De Naci\u00f3n - Por Guillermo Sep\u00falveda - Nuestro Bio B\u00edo","type":"rich","width":600,"height":338,"html":"<blockquote class=\"wp-embedded-content\" data-secret=\"UQ6cnhaqP9\"><a href=\"https:\/\/www.fraczinet.cl\/sitio\/2011\/02\/17\/el-concepto-de-nacion-por-guillermo-sepulveda\/\">El Concepto De Naci\u00f3n &#8211; Por Guillermo Sep\u00falveda<\/a><\/blockquote><iframe sandbox=\"allow-scripts\" security=\"restricted\" src=\"https:\/\/www.fraczinet.cl\/sitio\/2011\/02\/17\/el-concepto-de-nacion-por-guillermo-sepulveda\/embed\/#?secret=UQ6cnhaqP9\" width=\"600\" height=\"338\" title=\"\u00abEl Concepto De Naci\u00f3n &#8211; Por Guillermo Sep\u00falveda\u00bb \u2014 Nuestro  Bio B\u00edo\" data-secret=\"UQ6cnhaqP9\" frameborder=\"0\" marginwidth=\"0\" marginheight=\"0\" scrolling=\"no\" class=\"wp-embedded-content\"><\/iframe><script>\n\/*! This file is auto-generated *\/\n!function(d,l){\"use strict\";l.querySelector&&d.addEventListener&&\"undefined\"!=typeof URL&&(d.wp=d.wp||{},d.wp.receiveEmbedMessage||(d.wp.receiveEmbedMessage=function(e){var t=e.data;if((t||t.secret||t.message||t.value)&&!\/[^a-zA-Z0-9]\/.test(t.secret)){for(var s,r,n,a=l.querySelectorAll('iframe[data-secret=\"'+t.secret+'\"]'),o=l.querySelectorAll('blockquote[data-secret=\"'+t.secret+'\"]'),c=new RegExp(\"^https?:$\",\"i\"),i=0;i<o.length;i++)o[i].style.display=\"none\";for(i=0;i<a.length;i++)s=a[i],e.source===s.contentWindow&&(s.removeAttribute(\"style\"),\"height\"===t.message?(1e3<(r=parseInt(t.value,10))?r=1e3:~~r<200&&(r=200),s.height=r):\"link\"===t.message&&(r=new URL(s.getAttribute(\"src\")),n=new URL(t.value),c.test(n.protocol))&&n.host===r.host&&l.activeElement===s&&(d.top.location.href=t.value))}},d.addEventListener(\"message\",d.wp.receiveEmbedMessage,!1),l.addEventListener(\"DOMContentLoaded\",function(){for(var e,t,s=l.querySelectorAll(\"iframe.wp-embedded-content\"),r=0;r<s.length;r++)(t=(e=s[r]).getAttribute(\"data-secret\"))||(t=Math.random().toString(36).substring(2,12),e.src+=\"#?secret=\"+t,e.setAttribute(\"data-secret\",t)),e.contentWindow.postMessage({message:\"ready\",secret:t},\"*\")},!1)))}(window,document);\n\/\/# sourceURL=https:\/\/www.fraczinet.cl\/sitio\/wp-includes\/js\/wp-embed.min.js\n<\/script>\n","description":"Si antes las Ciencias Sociales hab\u00edan caido en el menosprecio de ser consideradas \u201cCiencias Blandas\u201d en contrapartida a la \u201cexactitud\u201d de las mal llamadas \u201cCiencias Duras\u201d (Matem\u00e1ticas, Biolog\u00eda, F\u00edsica, Qu\u00edmica, etc), ahora, frente a este cambio de Paradigma la cuesti\u00f3n de qui\u00e9n \u201ces mejor o peor\u201d se reduce a \u201cqui\u00e9n hace mejor la s\u00edntesis global\u201d. [&hellip;]","thumbnail_url":"http:\/\/4.bp.blogspot.com\/-eGM_lMlxWuQ\/TV22mjayZFI\/AAAAAAAASMU\/JfBUx0vaJPI\/s400\/787_gaia.jpg"}