{"version":"1.0","provider_name":"Nuestro  Bio B\u00edo","provider_url":"https:\/\/www.fraczinet.cl\/sitio","author_name":"admin","author_url":"https:\/\/www.fraczinet.cl\/sitio\/author\/admin\/","title":"D\u00eda del Patrimonio Cultural - Nuestro Bio B\u00edo","type":"rich","width":600,"height":338,"html":"<blockquote class=\"wp-embedded-content\" data-secret=\"jaje6Paz9C\"><a href=\"https:\/\/www.fraczinet.cl\/sitio\/2011\/05\/28\/dia-del-patrimonio-cultural\/\">D\u00eda del Patrimonio Cultural<\/a><\/blockquote><iframe sandbox=\"allow-scripts\" security=\"restricted\" src=\"https:\/\/www.fraczinet.cl\/sitio\/2011\/05\/28\/dia-del-patrimonio-cultural\/embed\/#?secret=jaje6Paz9C\" width=\"600\" height=\"338\" title=\"\u00abD\u00eda del Patrimonio Cultural\u00bb \u2014 Nuestro  Bio B\u00edo\" data-secret=\"jaje6Paz9C\" frameborder=\"0\" marginwidth=\"0\" marginheight=\"0\" scrolling=\"no\" class=\"wp-embedded-content\"><\/iframe><script>\n\/*! This file is auto-generated *\/\n!function(d,l){\"use strict\";l.querySelector&&d.addEventListener&&\"undefined\"!=typeof URL&&(d.wp=d.wp||{},d.wp.receiveEmbedMessage||(d.wp.receiveEmbedMessage=function(e){var t=e.data;if((t||t.secret||t.message||t.value)&&!\/[^a-zA-Z0-9]\/.test(t.secret)){for(var s,r,n,a=l.querySelectorAll('iframe[data-secret=\"'+t.secret+'\"]'),o=l.querySelectorAll('blockquote[data-secret=\"'+t.secret+'\"]'),c=new RegExp(\"^https?:$\",\"i\"),i=0;i<o.length;i++)o[i].style.display=\"none\";for(i=0;i<a.length;i++)s=a[i],e.source===s.contentWindow&&(s.removeAttribute(\"style\"),\"height\"===t.message?(1e3<(r=parseInt(t.value,10))?r=1e3:~~r<200&&(r=200),s.height=r):\"link\"===t.message&&(r=new URL(s.getAttribute(\"src\")),n=new URL(t.value),c.test(n.protocol))&&n.host===r.host&&l.activeElement===s&&(d.top.location.href=t.value))}},d.addEventListener(\"message\",d.wp.receiveEmbedMessage,!1),l.addEventListener(\"DOMContentLoaded\",function(){for(var e,t,s=l.querySelectorAll(\"iframe.wp-embedded-content\"),r=0;r<s.length;r++)(t=(e=s[r]).getAttribute(\"data-secret\"))||(t=Math.random().toString(36).substring(2,12),e.src+=\"#?secret=\"+t,e.setAttribute(\"data-secret\",t)),e.contentWindow.postMessage({message:\"ready\",secret:t},\"*\")},!1)))}(window,document);\n\/\/# sourceURL=https:\/\/www.fraczinet.cl\/sitio\/wp-includes\/js\/wp-embed.min.js\n<\/script>\n","description":"D\u00cdA DEL PATRIMONIO CULTURAL: DEFENSA DEL PATRIMONIO NACIONAL&nbsp; Este Domingo se celebra en Chile el D\u00eda del Patrimonio Cultural. La Cultura es todo lo que hace la humanidad. No es solamente su dimensi\u00f3n art\u00edstica. El Patrimonio de una naci\u00f3n son su cultura y sus riquezas naturales: sus parques, sus r\u00edos, su mar, su flora, su [&hellip;]","thumbnail_url":"https:\/\/www.fraczinet.cl\/sitio\/wp-content\/uploads\/2021\/07\/bannerlogo-1.gif","thumbnail_width":159,"thumbnail_height":79}